{"id":735,"date":"2020-08-09T18:49:37","date_gmt":"2020-08-09T18:49:37","guid":{"rendered":"http:\/\/rvtradio.com\/?page_id=735"},"modified":"2022-03-07T21:59:45","modified_gmt":"2022-03-07T21:59:45","slug":"radio-rvt-acerca-de-nosotros","status":"publish","type":"page","link":"https:\/\/rvtradio.com\/?page_id=735","title":{"rendered":"Acerca de Nosotros"},"content":{"rendered":"\t\t<div data-elementor-type=\"wp-page\" data-elementor-id=\"735\" class=\"elementor elementor-735\" data-elementor-settings=\"[]\">\n\t\t\t\t\t\t<div class=\"elementor-inner\">\n\t\t\t\t\t\t\t<div class=\"elementor-section-wrap\">\n\t\t\t\t\t\t\t<section class=\"elementor-section elementor-top-section elementor-element elementor-element-5131a13e elementor-section-boxed elementor-section-height-default elementor-section-height-default\" data-id=\"5131a13e\" data-element_type=\"section\" data-settings=\"{&quot;background_background&quot;:&quot;classic&quot;}\">\n\t\t\t\t\t\t\t<div class=\"elementor-background-overlay\"><\/div>\n\t\t\t\t\t\t\t<div class=\"elementor-container elementor-column-gap-default\">\n\t\t\t\t\t\t\t<div class=\"elementor-row\">\n\t\t\t\t\t<div class=\"elementor-column elementor-col-100 elementor-top-column elementor-element elementor-element-1053ca7a\" data-id=\"1053ca7a\" data-element_type=\"column\">\n\t\t\t<div class=\"elementor-column-wrap elementor-element-populated\">\n\t\t\t\t\t\t\t<div class=\"elementor-widget-wrap\">\n\t\t\t\t\t\t<div class=\"elementor-element elementor-element-3d99e122 elementor-widget elementor-widget-heading\" data-id=\"3d99e122\" data-element_type=\"widget\" data-widget_type=\"heading.default\">\n\t\t\t\t<div class=\"elementor-widget-container\">\n\t\t\t<h1 class=\"elementor-heading-title elementor-size-default\">Acerca de Nosotros<\/h1>\t\t<\/div>\n\t\t\t\t<\/div>\n\t\t\t\t\t\t<\/div>\n\t\t\t\t\t<\/div>\n\t\t<\/div>\n\t\t\t\t\t\t\t\t<\/div>\n\t\t\t\t\t<\/div>\n\t\t<\/section>\n\t\t\t\t<section class=\"elementor-section elementor-top-section elementor-element elementor-element-702ae89 elementor-section-boxed elementor-section-height-default elementor-section-height-default\" data-id=\"702ae89\" data-element_type=\"section\">\n\t\t\t\t\t\t<div class=\"elementor-container elementor-column-gap-default\">\n\t\t\t\t\t\t\t<div class=\"elementor-row\">\n\t\t\t\t\t<div class=\"elementor-column elementor-col-50 elementor-top-column elementor-element elementor-element-39451bc\" data-id=\"39451bc\" data-element_type=\"column\">\n\t\t\t<div class=\"elementor-column-wrap elementor-element-populated\">\n\t\t\t\t\t\t\t<div class=\"elementor-widget-wrap\">\n\t\t\t\t\t\t<div class=\"elementor-element elementor-element-739b8e2 elementor-widget elementor-widget-image\" data-id=\"739b8e2\" data-element_type=\"widget\" data-widget_type=\"image.default\">\n\t\t\t\t<div class=\"elementor-widget-container\">\n\t\t\t\t\t\t\t\t<div class=\"elementor-image\">\n\t\t\t\t\t\t\t\t\t\t\t\t<img loading=\"lazy\" decoding=\"async\" width=\"1024\" height=\"893\" src=\"https:\/\/rvtradio.com\/wp-content\/uploads\/2020\/08\/Mayo-1997-3-1024x893.jpg\" class=\"attachment-large size-large\" alt=\"\" srcset=\"https:\/\/rvtradio.com\/wp-content\/uploads\/2020\/08\/Mayo-1997-3-1024x893.jpg 1024w, https:\/\/rvtradio.com\/wp-content\/uploads\/2020\/08\/Mayo-1997-3-300x262.jpg 300w, https:\/\/rvtradio.com\/wp-content\/uploads\/2020\/08\/Mayo-1997-3-768x670.jpg 768w, https:\/\/rvtradio.com\/wp-content\/uploads\/2020\/08\/Mayo-1997-3-1536x1339.jpg 1536w, https:\/\/rvtradio.com\/wp-content\/uploads\/2020\/08\/Mayo-1997-3-2048x1786.jpg 2048w, https:\/\/rvtradio.com\/wp-content\/uploads\/2020\/08\/Mayo-1997-3-24x21.jpg 24w, https:\/\/rvtradio.com\/wp-content\/uploads\/2020\/08\/Mayo-1997-3-36x31.jpg 36w, https:\/\/rvtradio.com\/wp-content\/uploads\/2020\/08\/Mayo-1997-3-48x42.jpg 48w\" sizes=\"(max-width: 1024px) 100vw, 1024px\" \/>\t\t\t\t\t\t\t\t\t\t\t\t\t\t<\/div>\n\t\t\t\t\t\t<\/div>\n\t\t\t\t<\/div>\n\t\t\t\t\t\t<\/div>\n\t\t\t\t\t<\/div>\n\t\t<\/div>\n\t\t\t\t<div class=\"elementor-column elementor-col-50 elementor-top-column elementor-element elementor-element-0e498e8\" data-id=\"0e498e8\" data-element_type=\"column\">\n\t\t\t<div class=\"elementor-column-wrap elementor-element-populated\">\n\t\t\t\t\t\t\t<div class=\"elementor-widget-wrap\">\n\t\t\t\t\t\t<div class=\"elementor-element elementor-element-721a0e8 elementor-widget elementor-widget-heading\" data-id=\"721a0e8\" data-element_type=\"widget\" data-widget_type=\"heading.default\">\n\t\t\t\t<div class=\"elementor-widget-container\">\n\t\t\t<h2 class=\"elementor-heading-title elementor-size-default\">Nuestra Historia<\/h2>\t\t<\/div>\n\t\t\t\t<\/div>\n\t\t\t\t<div class=\"elementor-element elementor-element-3c7c2a8 elementor-widget elementor-widget-text-editor\" data-id=\"3c7c2a8\" data-element_type=\"widget\" data-widget_type=\"text-editor.default\">\n\t\t\t\t<div class=\"elementor-widget-container\">\n\t\t\t\t\t\t\t\t<div class=\"elementor-text-editor elementor-clearfix\">\n\t\t\t\t\t<p>El 30 de marzo de 2001, se suscribi\u00f3 el contrato de concesi\u00f3n de la frecuencia 91.5 FM a favor del se\u00f1or Rosendo Vidal Escobar C\u00e1rdenas, con la finalidad de instalar, operar y explotar la estaci\u00f3n de radiodifusi\u00f3n \u201cLa Voz del Tr\u00f3pico\u201d con cobertura en la provincia de Los R\u00edos y Bol\u00edvar. Arcotel autoriz\u00f3 el 26 de noviembre de 2014 el cambio de titular de persona natural a persona jur\u00eddica denominada compa\u00f1\u00eda de Radio La Voz del Tr\u00f3pico de Quevedo RVTQUEVE S.A. y se design\u00f3 como Gerente General al se\u00f1or Ab. Rosendo Vidal Escobar C\u00e1rdenas.<\/p>\t\t\t\t\t<\/div>\n\t\t\t\t\t\t<\/div>\n\t\t\t\t<\/div>\n\t\t\t\t<div class=\"elementor-element elementor-element-7640111 elementor-widget elementor-widget-heading\" data-id=\"7640111\" data-element_type=\"widget\" data-widget_type=\"heading.default\">\n\t\t\t\t<div class=\"elementor-widget-container\">\n\t\t\t<h1 class=\"elementor-heading-title elementor-size-large\">Rosendo Escobar<\/h1>\t\t<\/div>\n\t\t\t\t<\/div>\n\t\t\t\t<div class=\"elementor-element elementor-element-d056109 elementor-widget elementor-widget-heading\" data-id=\"d056109\" data-element_type=\"widget\" data-widget_type=\"heading.default\">\n\t\t\t\t<div class=\"elementor-widget-container\">\n\t\t\t<h4 class=\"elementor-heading-title elementor-size-small\"><b>Fundador RVT Satelital<\/b><\/h4>\t\t<\/div>\n\t\t\t\t<\/div>\n\t\t\t\t\t\t<\/div>\n\t\t\t\t\t<\/div>\n\t\t<\/div>\n\t\t\t\t\t\t\t\t<\/div>\n\t\t\t\t\t<\/div>\n\t\t<\/section>\n\t\t\t\t<section class=\"elementor-section elementor-top-section elementor-element elementor-element-41cd637 elementor-section-boxed elementor-section-height-default elementor-section-height-default\" data-id=\"41cd637\" data-element_type=\"section\" data-settings=\"{&quot;background_background&quot;:&quot;classic&quot;}\">\n\t\t\t\t\t\t<div class=\"elementor-container elementor-column-gap-default\">\n\t\t\t\t\t\t\t<div class=\"elementor-row\">\n\t\t\t\t\t<div class=\"elementor-column elementor-col-50 elementor-top-column elementor-element elementor-element-2523109\" data-id=\"2523109\" data-element_type=\"column\">\n\t\t\t<div class=\"elementor-column-wrap elementor-element-populated\">\n\t\t\t\t\t\t\t<div class=\"elementor-widget-wrap\">\n\t\t\t\t\t\t<div class=\"elementor-element elementor-element-b238599 elementor-widget elementor-widget-heading\" data-id=\"b238599\" data-element_type=\"widget\" data-widget_type=\"heading.default\">\n\t\t\t\t<div class=\"elementor-widget-container\">\n\t\t\t<h2 class=\"elementor-heading-title elementor-size-default\">Misi\u00f3n<\/h2>\t\t<\/div>\n\t\t\t\t<\/div>\n\t\t\t\t<div class=\"elementor-element elementor-element-3d5bfcd elementor-widget elementor-widget-text-editor\" data-id=\"3d5bfcd\" data-element_type=\"widget\" data-widget_type=\"text-editor.default\">\n\t\t\t\t<div class=\"elementor-widget-container\">\n\t\t\t\t\t\t\t\t<div class=\"elementor-text-editor elementor-clearfix\">\n\t\t\t\t\t<p>Brindar una programaci\u00f3n de informaci\u00f3n oportuna, objetiva y veraz, de opini\u00f3n, entretenimiento, cultural, incluyente y diversa, poniendo a disposici\u00f3n de la provincia de Los R\u00edos la se\u00f1al en vivo de nuestro medio de comunicaci\u00f3n y emisiones online en nuestro sitio web, emitido desde el litoral ecuatoriano, con acceso mundial a trav\u00e9s de las tecnolog\u00edas de la informaci\u00f3n y las comunicaciones.<\/p>\t\t\t\t\t<\/div>\n\t\t\t\t\t\t<\/div>\n\t\t\t\t<\/div>\n\t\t\t\t\t\t<\/div>\n\t\t\t\t\t<\/div>\n\t\t<\/div>\n\t\t\t\t<div class=\"elementor-column elementor-col-50 elementor-top-column elementor-element elementor-element-58e18e7\" data-id=\"58e18e7\" data-element_type=\"column\">\n\t\t\t<div class=\"elementor-column-wrap elementor-element-populated\">\n\t\t\t\t\t\t\t<div class=\"elementor-widget-wrap\">\n\t\t\t\t\t\t<div class=\"elementor-element elementor-element-e613f61 elementor-widget elementor-widget-heading\" data-id=\"e613f61\" data-element_type=\"widget\" data-widget_type=\"heading.default\">\n\t\t\t\t<div class=\"elementor-widget-container\">\n\t\t\t<h2 class=\"elementor-heading-title elementor-size-default\">Visi\u00f3n<\/h2>\t\t<\/div>\n\t\t\t\t<\/div>\n\t\t\t\t<div class=\"elementor-element elementor-element-473f6d3 elementor-widget elementor-widget-text-editor\" data-id=\"473f6d3\" data-element_type=\"widget\" data-widget_type=\"text-editor.default\">\n\t\t\t\t<div class=\"elementor-widget-container\">\n\t\t\t\t\t\t\t\t<div class=\"elementor-text-editor elementor-clearfix\">\n\t\t\t\t\t<p>Ser una alternativa radial informativa, de opini\u00f3n y entretenimiento, cultural, incluyente y diversa, con cobertura en la provincia de Los R\u00edos y acceso mundial a trav\u00e9s de las tecnolog\u00edas de la informaci\u00f3n y las comunicaciones.<\/p>\t\t\t\t\t<\/div>\n\t\t\t\t\t\t<\/div>\n\t\t\t\t<\/div>\n\t\t\t\t\t\t<\/div>\n\t\t\t\t\t<\/div>\n\t\t<\/div>\n\t\t\t\t\t\t\t\t<\/div>\n\t\t\t\t\t<\/div>\n\t\t<\/section>\n\t\t\t\t<section class=\"elementor-section elementor-top-section elementor-element elementor-element-6fd6802 elementor-section-boxed elementor-section-height-default elementor-section-height-default\" data-id=\"6fd6802\" data-element_type=\"section\">\n\t\t\t\t\t\t<div class=\"elementor-container elementor-column-gap-default\">\n\t\t\t\t\t\t\t<div class=\"elementor-row\">\n\t\t\t\t\t<div class=\"elementor-column elementor-col-100 elementor-top-column elementor-element elementor-element-597250e\" data-id=\"597250e\" data-element_type=\"column\">\n\t\t\t<div class=\"elementor-column-wrap elementor-element-populated\">\n\t\t\t\t\t\t\t<div class=\"elementor-widget-wrap\">\n\t\t\t\t\t\t<div class=\"elementor-element elementor-element-cd4a27f elementor-widget elementor-widget-heading\" data-id=\"cd4a27f\" data-element_type=\"widget\" data-widget_type=\"heading.default\">\n\t\t\t\t<div class=\"elementor-widget-container\">\n\t\t\t<h2 class=\"elementor-heading-title elementor-size-default\">Objetivos del Medio de Comunicaci\u00f3n<\/h2>\t\t<\/div>\n\t\t\t\t<\/div>\n\t\t\t\t<section class=\"elementor-section elementor-inner-section elementor-element elementor-element-99c81f4 elementor-section-boxed elementor-section-height-default elementor-section-height-default\" data-id=\"99c81f4\" data-element_type=\"section\">\n\t\t\t\t\t\t<div class=\"elementor-container elementor-column-gap-default\">\n\t\t\t\t\t\t\t<div class=\"elementor-row\">\n\t\t\t\t\t<div class=\"elementor-column elementor-col-50 elementor-inner-column elementor-element elementor-element-9bb059e\" data-id=\"9bb059e\" data-element_type=\"column\">\n\t\t\t<div class=\"elementor-column-wrap elementor-element-populated\">\n\t\t\t\t\t\t\t<div class=\"elementor-widget-wrap\">\n\t\t\t\t\t\t<div class=\"elementor-element elementor-element-7621fed elementor-widget elementor-widget-text-editor\" data-id=\"7621fed\" data-element_type=\"widget\" data-widget_type=\"text-editor.default\">\n\t\t\t\t<div class=\"elementor-widget-container\">\n\t\t\t\t\t\t\t\t<div class=\"elementor-text-editor elementor-clearfix\">\n\t\t\t\t\t<ul><li>Informar del acontecer noticioso local, regional y nacional, de manera oportuna, objetiva y veraz.<\/li><li style=\"font-style: inherit; font-weight: inherit;\">Ser el medio de comunicaci\u00f3n entre la comunidad y la autoridad, con el fin de apoyar todo hecho y beneficio para los mismos.<\/li><li style=\"font-style: inherit; font-weight: inherit;\">Poner a disposici\u00f3n del mundo la se\u00f1al en vivo de la radio emitida desde la costa ecuatoriana.<\/li><\/ul>\t\t\t\t\t<\/div>\n\t\t\t\t\t\t<\/div>\n\t\t\t\t<\/div>\n\t\t\t\t\t\t<\/div>\n\t\t\t\t\t<\/div>\n\t\t<\/div>\n\t\t\t\t<div class=\"elementor-column elementor-col-50 elementor-inner-column elementor-element elementor-element-84a9f50\" data-id=\"84a9f50\" data-element_type=\"column\">\n\t\t\t<div class=\"elementor-column-wrap elementor-element-populated\">\n\t\t\t\t\t\t\t<div class=\"elementor-widget-wrap\">\n\t\t\t\t\t\t<div class=\"elementor-element elementor-element-06a683e elementor-widget elementor-widget-text-editor\" data-id=\"06a683e\" data-element_type=\"widget\" data-widget_type=\"text-editor.default\">\n\t\t\t\t<div class=\"elementor-widget-container\">\n\t\t\t\t\t\t\t\t<div class=\"elementor-text-editor elementor-clearfix\">\n\t\t\t\t\t<ul><li>Brindar una programaci\u00f3n de entretenimiento, cultural \u2013 formativo, incluyente y diversa con emisi\u00f3n peri\u00f3dica de m\u00fasica de artistas nacionales en cumplimiento con la ley org\u00e1nica de comunicaci\u00f3n y su reglamento.<\/li><li style=\"font-style: inherit; font-weight: inherit;\">Comercializar los productos publicitarios y espacios comunicacionales dentro del marco de la ley org\u00e1nica de comunicaci\u00f3n y su reglamento para ser una empresa rentable y de calidad.<\/li><\/ul>\t\t\t\t\t<\/div>\n\t\t\t\t\t\t<\/div>\n\t\t\t\t<\/div>\n\t\t\t\t\t\t<\/div>\n\t\t\t\t\t<\/div>\n\t\t<\/div>\n\t\t\t\t\t\t\t\t<\/div>\n\t\t\t\t\t<\/div>\n\t\t<\/section>\n\t\t\t\t\t\t<\/div>\n\t\t\t\t\t<\/div>\n\t\t<\/div>\n\t\t\t\t\t\t\t\t<\/div>\n\t\t\t\t\t<\/div>\n\t\t<\/section>\n\t\t\t\t\t\t<\/div>\n\t\t\t\t\t\t<\/div>\n\t\t\t\t\t<\/div>\n\t\t","protected":false},"excerpt":{"rendered":"<p>Acerca de Nosotros Nuestra Historia El 30 de marzo de 2001, se suscribi\u00f3 el contrato de concesi\u00f3n de la frecuencia 91.5 FM a favor del se\u00f1or Rosendo Vidal Escobar C\u00e1rdenas, con la finalidad de instalar, operar y explotar la estaci\u00f3n de radiodifusi\u00f3n \u201cLa Voz del Tr\u00f3pico\u201d con cobertura en la provincia de Los R\u00edos y &hellip;<\/p>\n<p class=\"read-more\"> <a class=\"\" href=\"https:\/\/rvtradio.com\/?page_id=735\"> <span class=\"screen-reader-text\">Acerca de Nosotros<\/span> Leer m\u00e1s &raquo;<\/a><\/p>\n","protected":false},"author":3,"featured_media":0,"parent":0,"menu_order":0,"comment_status":"closed","ping_status":"closed","template":"","meta":{"_monsterinsights_skip_tracking":false,"_monsterinsights_sitenote_active":false,"_monsterinsights_sitenote_note":"","_monsterinsights_sitenote_category":0,"footnotes":""},"_links":{"self":[{"href":"https:\/\/rvtradio.com\/index.php?rest_route=\/wp\/v2\/pages\/735"}],"collection":[{"href":"https:\/\/rvtradio.com\/index.php?rest_route=\/wp\/v2\/pages"}],"about":[{"href":"https:\/\/rvtradio.com\/index.php?rest_route=\/wp\/v2\/types\/page"}],"author":[{"embeddable":true,"href":"https:\/\/rvtradio.com\/index.php?rest_route=\/wp\/v2\/users\/3"}],"replies":[{"embeddable":true,"href":"https:\/\/rvtradio.com\/index.php?rest_route=%2Fwp%2Fv2%2Fcomments&post=735"}],"version-history":[{"count":3,"href":"https:\/\/rvtradio.com\/index.php?rest_route=\/wp\/v2\/pages\/735\/revisions"}],"predecessor-version":[{"id":4541,"href":"https:\/\/rvtradio.com\/index.php?rest_route=\/wp\/v2\/pages\/735\/revisions\/4541"}],"wp:attachment":[{"href":"https:\/\/rvtradio.com\/index.php?rest_route=%2Fwp%2Fv2%2Fmedia&parent=735"}],"curies":[{"name":"wp","href":"https:\/\/api.w.org\/{rel}","templated":true}]}}